{"id":24,"date":"2019-03-30T13:03:19","date_gmt":"2019-03-30T13:03:19","guid":{"rendered":"https:\/\/geschichtsverein-weissenthurm.de\/wp\/?page_id=24"},"modified":"2024-04-24T16:16:32","modified_gmt":"2024-04-24T16:16:32","slug":"sehenswuerdigkeiten","status":"publish","type":"page","link":"https:\/\/geschichtsverein-weissenthurm.de\/wp\/sehenswuerdigkeiten\/","title":{"rendered":"Sehensw\u00fcrdigkeiten"},"content":{"rendered":"<p>Die erste Sehensw\u00fcrdigkeit ist der <strong><i><a title=\"Wei\u00dfer Turm (Wei\u00dfenthurm)\" href=\"https:\/\/de.wikipedia.org\/wiki\/Wei%C3%9Fer_Turm_(Wei%C3%9Fenthurm)\">Wei\u00dfe Turm<\/a><\/i>,<\/strong> ein sp\u00e4tmittelalterlicher <a title=\"Wohnturm\" href=\"https:\/\/de.wikipedia.org\/wiki\/Wohnturm\">Wohn-<\/a> und Zollturm, der zu Beginn des 15. Jahrhunderts wahrscheinlich im Auftrag des <a title=\"Kurtrier\" href=\"https:\/\/de.wikipedia.org\/wiki\/Kurtrier\">Trierer Erzbischofs und Kurf\u00fcrsten<\/a> <a title=\"Werner von Falkenstein\" href=\"https:\/\/de.wikipedia.org\/wiki\/Werner_von_Falkenstein\">Werner von Falkenstein<\/a> (1388\u20131418) am damaligen Grenz\u00fcbergang zwischen den <a class=\"mw-redirect\" title=\"Kurf\u00fcrstentum\" href=\"https:\/\/de.wikipedia.org\/wiki\/Kurf%C3%BCrstentum\">Kurf\u00fcrstent\u00fcmern<\/a> Trier und <a title=\"Kurk\u00f6ln\" href=\"https:\/\/de.wikipedia.org\/wiki\/Kurk%C3%B6ln\">K\u00f6ln<\/a> an der Handelsstra\u00dfe von Koblenz nach K\u00f6ln errichtet wurde. Er gab dem Ort seinen Namen.<\/p>\n<p><img loading=\"lazy\" decoding=\"async\" class=\"wp-image-208 size-large aligncenter\" src=\"https:\/\/geschichtsverein-weissenthurm.de\/wp\/wp-content\/uploads\/2019\/06\/IMG_7435-1024x691.jpg\" alt=\"\" width=\"960\" height=\"648\" srcset=\"https:\/\/geschichtsverein-weissenthurm.de\/wp\/wp-content\/uploads\/2019\/06\/IMG_7435-1024x691.jpg 1024w, https:\/\/geschichtsverein-weissenthurm.de\/wp\/wp-content\/uploads\/2019\/06\/IMG_7435-300x202.jpg 300w, https:\/\/geschichtsverein-weissenthurm.de\/wp\/wp-content\/uploads\/2019\/06\/IMG_7435-768x518.jpg 768w, https:\/\/geschichtsverein-weissenthurm.de\/wp\/wp-content\/uploads\/2019\/06\/IMG_7435-1140x769.jpg 1140w\" sizes=\"auto, (max-width: 767px) 89vw, (max-width: 1000px) 54vw, (max-width: 1071px) 543px, 580px\" \/><\/p>\n<p>Zu den weiteren Sehensw\u00fcrdigkeiten der Stadt geh\u00f6ren die <strong>katholische Pfarrkirche<\/strong><\/p>\n<p><img loading=\"lazy\" decoding=\"async\" class=\"wp-image-196 size-full aligncenter\" src=\"https:\/\/geschichtsverein-weissenthurm.de\/wp\/wp-content\/uploads\/2019\/06\/IMG_1395-800x600.jpg\" alt=\"\" width=\"401\" height=\"600\" srcset=\"https:\/\/geschichtsverein-weissenthurm.de\/wp\/wp-content\/uploads\/2019\/06\/IMG_1395-800x600.jpg 401w, https:\/\/geschichtsverein-weissenthurm.de\/wp\/wp-content\/uploads\/2019\/06\/IMG_1395-800x600-201x300.jpg 201w\" sizes=\"auto, (max-width: 401px) 100vw, 401px\" \/><\/p>\n<p><em>Eine Galerie \u00fcber die kath. Pfarrkirche in Wei\u00dfenthurm ist hier einsehbar: <a href=\"https:\/\/www.flickr.com\/photos\/188226470@N03\/albums\/72157714112953996\" target=\"_blank\" rel=\"noopener noreferrer\">Kirche<\/a><\/em><\/p>\n<p><em>Zur Geschichte der katholischen Pfarrgemeinde sei vorerst auf eine Brosch\u00fcrenreihe \u201ePfarrarchiv Wei\u00dfenthurm\u201c verwiesen, die auf der Unterseite <a href=\"https:\/\/geschichtsverein-weissenthurm.de\/wp\/links\/\">\u201eLinks\u201c<\/a> aufgef\u00fchrt ist. Dort k\u00f6nne Sie auch schon einzelne Hefte aufrufen und herunterladen.<\/em><\/p>\n<p>und das <a title=\"Monument General Hoche\" href=\"https:\/\/de.wikipedia.org\/wiki\/Monument_General_Hoche\"><strong>Monument General Hoche<\/strong><\/a>, das an den Rhein\u00fcbergang der franz\u00f6sischen <a title=\"Arm\u00e9e de Sambre-et-Meuse\" href=\"https:\/\/de.wikipedia.org\/wiki\/Arm%C3%A9e_de_Sambre-et-Meuse\">Sambre- und Maas-Armee<\/a> unter General <a title=\"Lazare Hoche\" href=\"https:\/\/de.wikipedia.org\/wiki\/Lazare_Hoche\">Lazare Hoche<\/a> am 18. April 1797 erinnert. <sup id=\"cite_ref-4\" class=\"reference\"><\/sup><\/p>\n<p><img loading=\"lazy\" decoding=\"async\" class=\"wp-image-201 size-large aligncenter\" src=\"https:\/\/geschichtsverein-weissenthurm.de\/wp\/wp-content\/uploads\/2019\/06\/IMG_6258-e1560267817987-684x1024.jpg\" alt=\"\" width=\"684\" height=\"1024\" srcset=\"https:\/\/geschichtsverein-weissenthurm.de\/wp\/wp-content\/uploads\/2019\/06\/IMG_6258-e1560267817987-684x1024.jpg 684w, https:\/\/geschichtsverein-weissenthurm.de\/wp\/wp-content\/uploads\/2019\/06\/IMG_6258-e1560267817987-200x300.jpg 200w, https:\/\/geschichtsverein-weissenthurm.de\/wp\/wp-content\/uploads\/2019\/06\/IMG_6258-e1560267817987-768x1150.jpg 768w, https:\/\/geschichtsverein-weissenthurm.de\/wp\/wp-content\/uploads\/2019\/06\/IMG_6258-e1560267817987-1140x1708.jpg 1140w, https:\/\/geschichtsverein-weissenthurm.de\/wp\/wp-content\/uploads\/2019\/06\/IMG_6258-e1560267817987.jpg 1880w\" sizes=\"auto, (max-width: 684px) 100vw, 684px\" \/><\/p>\n<h2>Monument General Hoche<\/h2>\n<p>Hier schon einmal einige Literaturhinweise:<\/p>\n<p>Heimatjahrbuch 1994 des Kreises Mayen-Koblenz,<br \/>\nDr. Ulrich Gro\u00df, Das Hoche-Denkmal &#8211; bauliche und geschichtliche Entwicklung.<\/p>\n<p>Einsehen kann man den Artikel auf folgender Webseite:<\/p>\n<p><a href=\"https:\/\/www.dilibri.de\/rlb\/periodical\/pageview\/1198885\">https:\/\/www.dilibri.de\/rlb\/periodical\/pageview\/1198885<\/a><\/p>\n<p><strong>Jean-No\u00ebl Charon: Louis-Lazare Hoche (1768-1797). Franz\u00f6sischer General am Rhein. Koblenz: F\u00f6lbach, 2018. \u2013 197 S., zahlr. Abb. ISBN 978-3-95638-415-8, 14,80 EUR.<\/strong><\/p>\n<p>Mehr unter: <a href=\"https:\/\/stadtarchivkoblenz.wordpress.com\/2018\/06\/22\/neuerscheinung-louis-lazare-hoche-1768-1797-franzoesischer-general-am-rhein\/\">Stadtarchiv Koblenz<\/a><\/p>\n\n\n<figure class=\"wp-block-image size-full\"><img loading=\"lazy\" decoding=\"async\" width=\"889\" height=\"695\" src=\"https:\/\/geschichtsverein-weissenthurm.de\/wp\/wp-content\/uploads\/2024\/04\/Rheinuebergang18.04.1797.jpg\" alt=\"\" class=\"wp-image-1615\" srcset=\"https:\/\/geschichtsverein-weissenthurm.de\/wp\/wp-content\/uploads\/2024\/04\/Rheinuebergang18.04.1797.jpg 889w, https:\/\/geschichtsverein-weissenthurm.de\/wp\/wp-content\/uploads\/2024\/04\/Rheinuebergang18.04.1797-300x235.jpg 300w, https:\/\/geschichtsverein-weissenthurm.de\/wp\/wp-content\/uploads\/2024\/04\/Rheinuebergang18.04.1797-768x600.jpg 768w\" sizes=\"auto, (max-width: 767px) 89vw, (max-width: 1000px) 54vw, (max-width: 1071px) 543px, 580px\" \/><figcaption class=\"wp-element-caption\">Rhein\u00fcbergang 18.04.1797<\/figcaption><\/figure>\n\n\n\n<p>Wahrscheinlich hat\u00a0Hoche keineswegs von der H\u00f6he des sp\u00e4teren Monuments aus agierte noch vom Wei\u00dfenthurmer Rheinufer aus, sondern er befand  sich wohl bei seinen Truppen auf der Neuwieder Seite.<\/p>\n","protected":false},"excerpt":{"rendered":"<p>Die erste Sehensw\u00fcrdigkeit ist der Wei\u00dfe Turm, ein sp\u00e4tmittelalterlicher Wohn- und Zollturm, der zu Beginn des 15. Jahrhunderts wahrscheinlich im Auftrag des Trierer Erzbischofs und Kurf\u00fcrsten Werner von Falkenstein (1388\u20131418) am damaligen Grenz\u00fcbergang zwischen den Kurf\u00fcrstent\u00fcmern Trier und K\u00f6ln an der Handelsstra\u00dfe von Koblenz nach K\u00f6ln errichtet wurde. Er gab dem Ort seinen Namen. Zu &hellip; <\/p>\n<p class=\"link-more\"><a href=\"https:\/\/geschichtsverein-weissenthurm.de\/wp\/sehenswuerdigkeiten\/\" class=\"more-link\"><span class=\"screen-reader-text\">\u201eSehensw\u00fcrdigkeiten\u201c<\/span> weiterlesen<\/a><\/p>\n","protected":false},"author":1,"featured_media":0,"parent":0,"menu_order":5,"comment_status":"closed","ping_status":"closed","template":"","meta":{"footnotes":""},"class_list":["post-24","page","type-page","status-publish","hentry"],"_links":{"self":[{"href":"https:\/\/geschichtsverein-weissenthurm.de\/wp\/wp-json\/wp\/v2\/pages\/24","targetHints":{"allow":["GET"]}}],"collection":[{"href":"https:\/\/geschichtsverein-weissenthurm.de\/wp\/wp-json\/wp\/v2\/pages"}],"about":[{"href":"https:\/\/geschichtsverein-weissenthurm.de\/wp\/wp-json\/wp\/v2\/types\/page"}],"author":[{"embeddable":true,"href":"https:\/\/geschichtsverein-weissenthurm.de\/wp\/wp-json\/wp\/v2\/users\/1"}],"replies":[{"embeddable":true,"href":"https:\/\/geschichtsverein-weissenthurm.de\/wp\/wp-json\/wp\/v2\/comments?post=24"}],"version-history":[{"count":16,"href":"https:\/\/geschichtsverein-weissenthurm.de\/wp\/wp-json\/wp\/v2\/pages\/24\/revisions"}],"predecessor-version":[{"id":1620,"href":"https:\/\/geschichtsverein-weissenthurm.de\/wp\/wp-json\/wp\/v2\/pages\/24\/revisions\/1620"}],"wp:attachment":[{"href":"https:\/\/geschichtsverein-weissenthurm.de\/wp\/wp-json\/wp\/v2\/media?parent=24"}],"curies":[{"name":"wp","href":"https:\/\/api.w.org\/{rel}","templated":true}]}}